{"id":7,"date":"2025-05-18T16:07:46","date_gmt":"2025-05-18T14:07:46","guid":{"rendered":"http:\/\/lefrelonbasque.fr\/?page_id=7"},"modified":"2026-03-23T15:22:16","modified_gmt":"2026-03-23T14:22:16","slug":"accueil","status":"publish","type":"page","link":"https:\/\/lefrelonbasque.fr\/","title":{"rendered":"Page d&rsquo;accueil du frelonbasque"},"content":{"rendered":"<p>[et_pb_section fb_built=\u00a0\u00bb1&Prime; _builder_version=\u00a0\u00bb4.16&Prime; background_color=\u00a0\u00bb#f4f4f4&Prime; use_background_color_gradient=\u00a0\u00bbon\u00a0\u00bb background_color_gradient_stops=\u00a0\u00bbrgba(4,17,81,0.75) 0%|rgba(43,135,218,0.39) 100%\u00a0\u00bb background_color_gradient_overlays_image=\u00a0\u00bbon\u00a0\u00bb background_color_gradient_start=\u00a0\u00bbrgba(4,17,81,0.75)\u00a0\u00bb background_color_gradient_end=\u00a0\u00bbrgba(43,135,218,0.39)\u00a0\u00bb background_image=\u00a0\u00bbhttp:\/\/lefrelonbasque.fr\/wp-content\/uploads\/2025\/05\/ok2-scaled-1.jpg\u00a0\u00bb min_height=\u00a0\u00bb897px\u00a0\u00bb custom_margin=\u00a0\u00bb||-3px|||\u00a0\u00bb custom_padding=\u00a0\u00bb6px||0px|||\u00a0\u00bb background_last_edited=\u00a0\u00bbon|phone\u00a0\u00bb background_size_phone=\u00a0\u00bbcover\u00a0\u00bb background_position_phone=\u00a0\u00bbcenter\u00a0\u00bb global_colors_info=\u00a0\u00bb{}\u00a0\u00bb][et_pb_row column_structure=\u00a0\u00bb1_2,1_2&Prime; _builder_version=\u00a0\u00bb4.27.4&Prime; custom_margin=\u00a0\u00bb-17px|auto||auto||\u00a0\u00bb custom_padding=\u00a0\u00bb364px|||||\u00a0\u00bb global_colors_info=\u00a0\u00bb{}\u00a0\u00bb][et_pb_column type=\u00a0\u00bb1_2&Prime; _builder_version=\u00a0\u00bb4.16&Prime; global_colors_info=\u00a0\u00bb{}\u00a0\u00bb][\/et_pb_column][et_pb_column type=\u00a0\u00bb1_2&Prime; _builder_version=\u00a0\u00bb4.16&Prime; global_colors_info=\u00a0\u00bb{}\u00a0\u00bb][et_pb_text _builder_version=\u00a0\u00bb4.27.4&Prime; text_font=\u00a0\u00bbAdvent Pro||||||||\u00a0\u00bb text_text_color=\u00a0\u00bb#ffffff\u00a0\u00bb text_font_size=\u00a0\u00bb62px\u00a0\u00bb text_line_height=\u00a0\u00bb1.1em\u00a0\u00bb min_height=\u00a0\u00bb18px\u00a0\u00bb custom_margin=\u00a0\u00bb-25px|||||\u00a0\u00bb custom_padding=\u00a0\u00bb0px||0px|||\u00a0\u00bb custom_css_main_element=\u00a0\u00bbfont-size:40px;||margin-top: -90px !important;||\u00a0\u00bb inline_fonts=\u00a0\u00bbptsans,Allerta Stencil,Montserrat\u00a0\u00bb global_colors_info=\u00a0\u00bb{}\u00a0\u00bb]<strong><span style=\"font-family: Montserrat; font-size: 40px;\">LeFrelonBasque.fr<\/span><\/strong><\/p>\n<p><span style=\"font-family: 'Allerta Stencil'; font-weight: normal;\"><\/span>[\/et_pb_text][et_pb_text _builder_version=\u00a0\u00bb4.27.4&Prime; text_font=\u00a0\u00bbPtsans||||||||\u00a0\u00bb text_font_size=\u00a0\u00bb23px\u00a0\u00bb custom_margin=\u00a0\u00bb-26px||46px|||\u00a0\u00bb custom_padding=\u00a0\u00bb11px|||||\u00a0\u00bb inline_fonts=\u00a0\u00bbptsans\u00a0\u00bb global_colors_info=\u00a0\u00bb{}\u00a0\u00bb]<span style=\"color: rgba(255, 255, 255, 0.73);\">Destruction de nids de frelons et gu\u00eapes au pays basque et dans le sud des landes<\/span>[\/et_pb_text][et_pb_text _builder_version=\u00a0\u00bb4.27.4&Prime; text_font=\u00a0\u00bb|600|||||||\u00a0\u00bb text_text_color=\u00a0\u00bb#ffffff\u00a0\u00bb text_font_size=\u00a0\u00bb23px\u00a0\u00bb custom_margin=\u00a0\u00bb-30px||0px|||\u00a0\u00bb custom_padding=\u00a0\u00bb1px||33px|||\u00a0\u00bb inline_fonts=\u00a0\u00bbptsans,Montserrat\u00a0\u00bb global_colors_info=\u00a0\u00bb{}\u00a0\u00bb]<\/p>\n<p><span style=\"font-size: x-large;\"><strong><span style=\"font-family: Montserrat;\">Intervention rapide 7j\/7<\/span><\/strong><\/span><\/p>\n<p>[\/et_pb_text][et_pb_button button_url=\u00a0\u00bb#contact\u00a0\u00bb button_text=\u00a0\u00bbContactez-nous\u00a0\u00bb button_alignment=\u00a0\u00bbleft\u00a0\u00bb _builder_version=\u00a0\u00bb4.27.4&Prime; custom_button=\u00a0\u00bbon\u00a0\u00bb button_text_color=\u00a0\u00bb#ffffff\u00a0\u00bb button_bg_color=\u00a0\u00bb#0c71c3&Prime; custom_margin=\u00a0\u00bb||65px|||\u00a0\u00bb global_colors_info=\u00a0\u00bb{}\u00a0\u00bb][\/et_pb_button][\/et_pb_column][\/et_pb_row][\/et_pb_section][et_pb_section fb_built=\u00a0\u00bb1&Prime; module_id=\u00a0\u00bbnosservices\u00a0\u00bb _builder_version=\u00a0\u00bb4.16&Prime; background_color=\u00a0\u00bb#ffffff\u00a0\u00bb background_enable_image=\u00a0\u00bboff\u00a0\u00bb background_blend=\u00a0\u00bbscreen\u00a0\u00bb custom_margin=\u00a0\u00bb-2px|||||\u00a0\u00bb custom_padding=\u00a0\u00bb67px|||||\u00a0\u00bb custom_css_main_element=\u00a0\u00bbcolor: black !important;\u00a0\u00bb global_colors_info=\u00a0\u00bb{}\u00a0\u00bb][et_pb_row column_structure=\u00a0\u00bb1_2,1_2&Prime; _builder_version=\u00a0\u00bb4.16&Prime; min_height=\u00a0\u00bb358px\u00a0\u00bb custom_padding=\u00a0\u00bb28px|||||\u00a0\u00bb global_colors_info=\u00a0\u00bb{}\u00a0\u00bb][et_pb_column type=\u00a0\u00bb1_2&Prime; _builder_version=\u00a0\u00bb4.16&Prime; global_colors_info=\u00a0\u00bb{}\u00a0\u00bb][et_pb_text _builder_version=\u00a0\u00bb4.16&Prime; text_font=\u00a0\u00bbptsans||||||||\u00a0\u00bb text_text_color=\u00a0\u00bb#ffffff\u00a0\u00bb text_font_size=\u00a0\u00bb65px\u00a0\u00bb custom_margin=\u00a0\u00bb||-61px|||\u00a0\u00bb custom_padding=\u00a0\u00bb0px||0px|||\u00a0\u00bb text_font_tablet=\u00a0\u00bb\u00a0\u00bb text_font_phone=\u00a0\u00bb\u00a0\u00bb text_font_last_edited=\u00a0\u00bbon|desktop\u00a0\u00bb custom_css_main_element=\u00a0\u00bbmargin-left: 20px;\u00a0\u00bb global_colors_info=\u00a0\u00bb{}\u00a0\u00bb]<\/p>\n<p style=\"text-align: left;\"><span style=\"color: #bc6f64;\">Nos services<\/span><\/p>\n<p style=\"text-align: left;\"><span style=\"font-size: 46px;\"><\/span><\/p>\n<p style=\"text-align: left;\">\n<p>[\/et_pb_text][et_pb_image src=\u00a0\u00bbhttp:\/\/lefrelonbasque.fr\/wp-content\/uploads\/2025\/05\/frelon-basque-logo.png\u00a0\u00bb align=\u00a0\u00bbcenter\u00a0\u00bb _builder_version=\u00a0\u00bb4.16&Prime; width=\u00a0\u00bb30%\u00a0\u00bb custom_margin=\u00a0\u00bb-24px|298px||97px||\u00a0\u00bb custom_padding=\u00a0\u00bb|1px||||\u00a0\u00bb custom_css_main_element=\u00a0\u00bbwidth: 200px;||margin-bottom: 40px !important; \u00a0\u00bb global_colors_info=\u00a0\u00bb{}\u00a0\u00bb][\/et_pb_image][\/et_pb_column][et_pb_column type=\u00a0\u00bb1_2&Prime; _builder_version=\u00a0\u00bb4.16&Prime; global_colors_info=\u00a0\u00bb{}\u00a0\u00bb][et_pb_text _builder_version=\u00a0\u00bb4.27.4&Prime; text_font=\u00a0\u00bbJosefin Sans||||||||\u00a0\u00bb text_text_color=\u00a0\u00bb#000000&Prime; text_line_height=\u00a0\u00bb1em\u00a0\u00bb custom_margin=\u00a0\u00bb71px|||||\u00a0\u00bb custom_padding=\u00a0\u00bb4px|||||\u00a0\u00bb global_colors_info=\u00a0\u00bb{}\u00a0\u00bb]<\/p>\n<p class=\"p1\" style=\"text-align: right;\"><span style=\"font-size: xx-large; color: #303030;\"><strong>D\u00e9ratisation<\/strong><\/span><\/p>\n<p class=\"p1\" style=\"text-align: right;\"><span style=\"color: #303030; font-size: small;\">rats bruns &#8211; rats noirs &#8211; souris &#8211; mulots.<\/span><\/p>\n<p class=\"p1\" style=\"text-align: right;\"><span style=\"font-size: xx-large; color: #303030;\"><b><\/b><\/span><\/p>\n<p class=\"p1\" style=\"text-align: right;\"><span style=\"font-size: xx-large; color: #303030;\"><b>D\u00e9sinsectisation<\/b><\/span><\/p>\n<p class=\"p1\" style=\"text-align: right;\"><span style=\"color: #303030; font-size: small;\">blattes &#8211; cafards &#8211; chenilles processionnaires &#8211;\u00a0fourmis &#8211; moustiques &#8211; mouches.<\/span><\/p>\n<p class=\"p1\" style=\"text-align: right;\"><span style=\"font-size: xx-large; color: #303030;\"><b><\/b><\/span><\/p>\n<p class=\"p1\" style=\"text-align: right;\"><span style=\"font-size: xx-large; color: #303030;\"><b>Travaux de Jardinage<\/b><\/span><\/p>\n<p class=\"p1\" style=\"text-align: right;\"><span style=\"color: #303030; font-size: small;\">tonte pelouse &#8211; taille de haies &#8211; petit \u00e9lagage &#8211; d\u00e9broussaillage &#8211; nettoyage jardin<\/span><\/p>\n<p class=\"p1\" style=\"text-align: right;\"><span style=\"color: #303030; font-size: small;\"><\/span><\/p>\n<p>[\/et_pb_text][\/et_pb_column][\/et_pb_row][\/et_pb_section][et_pb_section fb_built=\u00a0\u00bb1&Prime; module_id=\u00a0\u00bbapropos\u00a0\u00bb _builder_version=\u00a0\u00bb4.16&Prime; background_color=\u00a0\u00bb#f4f4f4&Prime; custom_padding=\u00a0\u00bb||38px|||\u00a0\u00bb global_colors_info=\u00a0\u00bb{}\u00a0\u00bb][et_pb_row _builder_version=\u00a0\u00bb4.16&Prime; custom_padding=\u00a0\u00bb||0px|||\u00a0\u00bb global_colors_info=\u00a0\u00bb{}\u00a0\u00bb][et_pb_column type=\u00a0\u00bb4_4&Prime; _builder_version=\u00a0\u00bb4.16&Prime; global_colors_info=\u00a0\u00bb{}\u00a0\u00bb][et_pb_text _builder_version=\u00a0\u00bb4.16&Prime; text_font=\u00a0\u00bbptsans||||||||\u00a0\u00bb text_text_color=\u00a0\u00bb#ffffff\u00a0\u00bb text_font_size=\u00a0\u00bb65px\u00a0\u00bb min_height=\u00a0\u00bb64px\u00a0\u00bb custom_margin=\u00a0\u00bb23px||12px|||\u00a0\u00bb custom_padding=\u00a0\u00bb0px||0px|||\u00a0\u00bb text_font_tablet=\u00a0\u00bb\u00a0\u00bb text_font_phone=\u00a0\u00bb\u00a0\u00bb text_font_last_edited=\u00a0\u00bbon|desktop\u00a0\u00bb custom_css_main_element=\u00a0\u00bbfont-size: 45px;\u00a0\u00bb global_colors_info=\u00a0\u00bb{}\u00a0\u00bb custom_css_main_element_last_edited=\u00a0\u00bboff|phone\u00a0\u00bb]<\/p>\n<p style=\"text-align: left;\"><span color=\"#000000\" style=\"color: #bc6f64;\">A propos de nous&#8230;<\/span><\/p>\n<p style=\"text-align: left;\">\n<p>[\/et_pb_text][\/et_pb_column][\/et_pb_row][et_pb_row column_structure=\u00a0\u00bb3_5,2_5&Prime; _builder_version=\u00a0\u00bb4.16&Prime; custom_margin=\u00a0\u00bb-22px|auto|-26px|auto||\u00a0\u00bb custom_padding=\u00a0\u00bb31px|||||\u00a0\u00bb global_colors_info=\u00a0\u00bb{}\u00a0\u00bb][et_pb_column type=\u00a0\u00bb3_5&Prime; _builder_version=\u00a0\u00bb4.16&Prime; global_colors_info=\u00a0\u00bb{}\u00a0\u00bb][et_pb_text _builder_version=\u00a0\u00bb4.16&Prime; text_font=\u00a0\u00bbJosefin Sans||||||||\u00a0\u00bb text_line_height=\u00a0\u00bb2em\u00a0\u00bb min_height=\u00a0\u00bb492px\u00a0\u00bb custom_margin=\u00a0\u00bb||||false|false\u00a0\u00bb custom_margin_tablet=\u00a0\u00bb\u00a0\u00bb custom_margin_phone=\u00a0\u00bb|0px|||false|false\u00a0\u00bb custom_margin_last_edited=\u00a0\u00bbon|phone\u00a0\u00bb global_colors_info=\u00a0\u00bb{}\u00a0\u00bb]<\/p>\n<p>Le Frelon Basque est le secteur d\u2019activit\u00e9 de l\u2019entreprise 2E SERVICES d\u00e9di\u00e9 \u00e0 la lutte contre les nuisibles et notamment au traitement et \u00e0 la destruction des nids de Frelons Asiatiques, Europ\u00e9en et Gu\u00eapes.<\/p>\n<p>Titulaire du Certibiocide N\u00b0027526, je suis habilit\u00e9 \u00e0 utiliser des <strong>produits exclusivement destin\u00e9s aux\u00a0professionnels<\/strong> dont <strong>l\u2019efficacit\u00e9 est av\u00e9r\u00e9e.<\/strong><\/p>\n<p>Dans le cadre de la destruction de nids, j\u2019interviens dans les plus brefs d\u00e9lais, 7 jours sur 7, au Pays\u00a0Basque et dans l\u2019extr\u00eame sud des Landes.<\/p>\n<p>Afin de r\u00e9duire les co\u00fbts, d\u2019augmenter la s\u00e9curit\u00e9 ainsi que l\u2019efficacit\u00e9 de l\u2019intervention tout en respectant l\u2019environnement, la biodiversit\u00e9 et la l\u00e9gislation, j\u2019utilise une perche t\u00e9lescopique me permettant, selon le contexte, l\u2019utilisation de poudres 100 % naturelles et biologiques.<\/p>\n<p><strong>Conduite \u00e0 tenir :<\/strong> En l\u2019absence d\u2019\u00e9quipement et de moyens appropri\u00e9s ne vous aventurez surtout pas \u00e0 d\u00e9truire un nid de frelons ou de gu\u00eapes car vous seriez victime d\u2019une attaque en r\u00e8gle de la part de ses occupants dont les cons\u00e9quences pourraient \u00eatre f\u00e2cheuses. Il est donc pr\u00e9f\u00e9rable de vous en \u00e9loigner et de contacter un sp\u00e9cialiste qui vous indiquera les mesures \u00e0 prendre en attendant son intervention.<\/p>\n<p>[\/et_pb_text][\/et_pb_column][et_pb_column type=\u00a0\u00bb2_5&Prime; _builder_version=\u00a0\u00bb4.16&Prime; global_colors_info=\u00a0\u00bb{}\u00a0\u00bb][et_pb_image src=\u00a0\u00bbhttp:\/\/lefrelonbasque.fr\/wp-content\/uploads\/2025\/05\/ok1-scaled-1.jpg\u00a0\u00bb align=\u00a0\u00bbcenter\u00a0\u00bb _builder_version=\u00a0\u00bb4.16&Prime; width=\u00a0\u00bb98%\u00a0\u00bb module_alignment=\u00a0\u00bbcenter\u00a0\u00bb max_height=\u00a0\u00bb1081px\u00a0\u00bb custom_margin=\u00a0\u00bb20px||||false|false\u00a0\u00bb custom_padding=\u00a0\u00bb0px|||||\u00a0\u00bb border_radii=\u00a0\u00bbon|8px|8px|8px|8px\u00a0\u00bb global_colors_info=\u00a0\u00bb{}\u00a0\u00bb][\/et_pb_image][\/et_pb_column][\/et_pb_row][\/et_pb_section][et_pb_section fb_built=\u00a0\u00bb1&Prime; _builder_version=\u00a0\u00bb4.16&Prime; background_color=\u00a0\u00bb#bc6f64&Prime; custom_padding=\u00a0\u00bb28px||27px|||\u00a0\u00bb global_colors_info=\u00a0\u00bb{}\u00a0\u00bb][et_pb_row column_structure=\u00a0\u00bb1_2,1_2&Prime; _builder_version=\u00a0\u00bb4.16&Prime; custom_margin=\u00a0\u00bb6px|auto||auto||\u00a0\u00bb custom_padding=\u00a0\u00bb0px||14px|||\u00a0\u00bb global_colors_info=\u00a0\u00bb{}\u00a0\u00bb][et_pb_column type=\u00a0\u00bb1_2&Prime; _builder_version=\u00a0\u00bb4.16&Prime; global_colors_info=\u00a0\u00bb{}\u00a0\u00bb][et_pb_text _builder_version=\u00a0\u00bb4.16&Prime; text_font=\u00a0\u00bbJosefin Sans||||||||\u00a0\u00bb text_text_color=\u00a0\u00bb#ffffff\u00a0\u00bb text_line_height=\u00a0\u00bb2em\u00a0\u00bb custom_margin=\u00a0\u00bb48px||||false|false\u00a0\u00bb custom_padding=\u00a0\u00bb0px|0px||||\u00a0\u00bb global_colors_info=\u00a0\u00bb{}\u00a0\u00bb]<\/p>\n<p>2E SERVICES est une entreprise individuelle implant\u00e9e \u00e0 Anglet (64) dont l\u2019activit\u00e9 initiale est l\u2019entretien de jardins et la r\u00e9alisation de petits travaux. Lors de mes interventions il m\u2019est arriv\u00e9 de constater que certains d\u00e9sagr\u00e9ment \u00e9tait li\u00e9s \u00e0 la pr\u00e9sence de rats ou de souris. De plus, mes clients m\u2019ont \u00e0 plusieurs reprises fait part des probl\u00e8mes qu\u2019ils rencontraient avec toutes sortes de nuisibles (rats \u2013 souris \u2013 cafards \u2013 chenilles- fourmis) et de leurs difficult\u00e9s pour en venir \u00e0 bout. Au cours de l\u2019entretien de jardins, j\u2019ai \u00e9galement \u00e9t\u00e9 confront\u00e9 \u00e0 des nids de frelons m\u2019obligeant \u00e0 attendre la destruction de la colonie par un sp\u00e9cialiste afin de poursuivre mon travail.<br \/> J\u2019ai donc d\u00e9cid\u00e9 d\u2019\u00e9largir mon activit\u00e9 \u00e0 la lutte contre les nuisibles afin de pouvoir apporter une r\u00e9ponse rapide et adapt\u00e9e dans les secteurs de la D\u00e9ratisation et de la D\u00e9sinsectisation.<\/p>\n<p>Pour ce faire, j\u2019ai suivi une formation aupr\u00e8s du CFPPA de Montardon (64) afin d\u2019\u00eatre habilit\u00e9 \u00e0 utiliser des produits biocides destin\u00e9s exclusivement aux professionnels. C\u2019est ainsi que Le Frelon Basque a vu le jour.<\/p>\n<p>&nbsp;<\/p>\n<p>[\/et_pb_text][\/et_pb_column][et_pb_column type=\u00a0\u00bb1_2&Prime; _builder_version=\u00a0\u00bb4.16&Prime; global_colors_info=\u00a0\u00bb{}\u00a0\u00bb][et_pb_text _builder_version=\u00a0\u00bb4.16&Prime; text_font=\u00a0\u00bbJosefin Sans||||||||\u00a0\u00bb text_text_color=\u00a0\u00bb#ffffff\u00a0\u00bb text_line_height=\u00a0\u00bb2em\u00a0\u00bb custom_margin=\u00a0\u00bb0px||||false|false\u00a0\u00bb custom_padding=\u00a0\u00bb37px|||||\u00a0\u00bb global_colors_info=\u00a0\u00bb{}\u00a0\u00bb]<\/p>\n<p>&nbsp;<\/p>\n<p><span style=\"font-size: xx-large;\">J\u2019interviens aupr\u00e8s des<strong> <\/strong><strong>particuliers et professionnels<\/strong> <\/span><\/p>\n<p><span style=\"font-size: large;\">(Syndics \u2013 Collectivit\u00e9s \u2013 Communes \u2013 Entreprises &#8211; etc&#8230;)<\/span><\/p>\n<p>Dans le cadre d\u2019une lutte raisonn\u00e9e, en \u00e9troite collaboration avec mes fournisseurs, je veille \u00e0 mettre en \u0153uvre des moyens en ad\u00e9quation au lieu d\u2019intervention et \u00e0 la situation pr\u00e9sente tout en \u00e9tant attentif \u00e0 leurs impacts sur l\u2019environnement.<br \/> <strong>Professionnels de l\u2019agroalimentaire<\/strong> et des m\u00e9tiers de bouche je peux vous proposer des solutions en rapport \u00e0 vos obligations en mati\u00e8re de<strong> s\u00e9curit\u00e9 sanitaire<\/strong>.<\/p>\n<p>[\/et_pb_text][\/et_pb_column][\/et_pb_row][\/et_pb_section][et_pb_section fb_built=\u00a0\u00bb1&Prime; fullwidth=\u00a0\u00bbon\u00a0\u00bb _builder_version=\u00a0\u00bb4.16&Prime; global_colors_info=\u00a0\u00bb{}\u00a0\u00bb][et_pb_fullwidth_slider _builder_version=\u00a0\u00bb4.16&Prime; custom_padding=\u00a0\u00bb||691px|||\u00a0\u00bb global_colors_info=\u00a0\u00bb{}\u00a0\u00bb][et_pb_slide _builder_version=\u00a0\u00bb4.16&Prime; background_image=\u00a0\u00bbhttp:\/\/lefrelonbasque.fr\/wp-content\/uploads\/2025\/05\/P1030666-scaled-1.jpg\u00a0\u00bb background_enable_image=\u00a0\u00bbon\u00a0\u00bb global_colors_info=\u00a0\u00bb{}\u00a0\u00bb sticky_transition=\u00a0\u00bbon\u00a0\u00bb][\/et_pb_slide][et_pb_slide _builder_version=\u00a0\u00bb4.16&Prime; background_image=\u00a0\u00bbhttp:\/\/lefrelonbasque.fr\/wp-content\/uploads\/2025\/05\/ok6-scaled-1.jpg\u00a0\u00bb background_enable_image=\u00a0\u00bbon\u00a0\u00bb global_colors_info=\u00a0\u00bb{}\u00a0\u00bb sticky_transition=\u00a0\u00bbon\u00a0\u00bb][\/et_pb_slide][\/et_pb_fullwidth_slider][\/et_pb_section][et_pb_section fb_built=\u00a0\u00bb1&Prime; module_id=\u00a0\u00bbfrelon\u00a0\u00bb _builder_version=\u00a0\u00bb4.16&Prime; min_height=\u00a0\u00bb440.5px\u00a0\u00bb global_colors_info=\u00a0\u00bb{}\u00a0\u00bb][et_pb_row _builder_version=\u00a0\u00bb4.16&Prime; custom_padding=\u00a0\u00bb19px||0px|||\u00a0\u00bb global_colors_info=\u00a0\u00bb{}\u00a0\u00bb][et_pb_column type=\u00a0\u00bb4_4&Prime; _builder_version=\u00a0\u00bb4.16&Prime; global_colors_info=\u00a0\u00bb{}\u00a0\u00bb][et_pb_text _builder_version=\u00a0\u00bb4.16&Prime; text_font=\u00a0\u00bbptsans||||||||\u00a0\u00bb text_text_color=\u00a0\u00bb#ffffff\u00a0\u00bb text_font_size=\u00a0\u00bb65px\u00a0\u00bb custom_margin=\u00a0\u00bb||-3px|||\u00a0\u00bb custom_padding=\u00a0\u00bb12px||0px|||\u00a0\u00bb text_font_tablet=\u00a0\u00bb\u00a0\u00bb text_font_phone=\u00a0\u00bb\u00a0\u00bb text_font_last_edited=\u00a0\u00bbon|desktop\u00a0\u00bb custom_css_main_element=\u00a0\u00bbfont-size: 35px;\u00a0\u00bb inline_fonts=\u00a0\u00bbptsans\u00a0\u00bb global_colors_info=\u00a0\u00bb{}\u00a0\u00bb]<\/p>\n<p style=\"text-align: center;\"><span color=\"#000000\" style=\"color: #bc3a23; font-family: ptsans;\">Un peu plus sur le frelon<\/span><\/p>\n<p style=\"text-align: left;\">\n<p>[\/et_pb_text][\/et_pb_column][\/et_pb_row][et_pb_row column_structure=\u00a0\u00bb3_5,2_5&Prime; _builder_version=\u00a0\u00bb4.16&Prime; global_colors_info=\u00a0\u00bb{}\u00a0\u00bb][et_pb_column type=\u00a0\u00bb3_5&Prime; _builder_version=\u00a0\u00bb4.16&Prime; global_colors_info=\u00a0\u00bb{}\u00a0\u00bb][et_pb_text _builder_version=\u00a0\u00bb4.16&Prime; custom_padding=\u00a0\u00bb||0px|||\u00a0\u00bb inline_fonts=\u00a0\u00bbJosefin Sans\u00a0\u00bb global_colors_info=\u00a0\u00bb{}\u00a0\u00bb]<\/p>\n<p><span style=\"font-family: 'Josefin Sans';\">Il existe deux esp\u00e8ces de frelons dans nos r\u00e9gions. Le frelon europ\u00e9en (vespa crabro) et le frelon asiatique\u00a0<\/span><span style=\"font-family: 'Josefin Sans';\">(vespa velutina). Ces \u00e9normes gu\u00eapes sont dans leurs milieux l\u2019\u00e9quivalent des requins ou des tigres tant\u00a0<\/span><span style=\"font-family: 'Josefin Sans';\">ce sont de grands pr\u00e9dateurs.\u00a0<\/span><span style=\"font-family: 'Josefin Sans';\">Le frelon asiatique est arriv\u00e9 accidentellement en France en 2004 dans le d\u00e9partement du Lot et Garonne.\u00a0<\/span><span style=\"font-family: 'Josefin Sans';\">Depuis cet Hym\u00e9nopt\u00e8re s\u2019est beaucoup r\u00e9pondu pour aujourd\u2019hui occuper la quasi-totalit\u00e9 de notre\u00a0<\/span><span style=\"font-family: 'Josefin Sans';\">territoire. Son invasion progresse de l\u2019ordre de 78km par an et d\u00e9passe nos fronti\u00e8res . On le retrouve\u00a0<\/span><span style=\"font-family: 'Josefin Sans';\">notamment au nord de l\u2019Espagne, au Pays Basque et en Navarre ainsi qu\u2019en Galice et Catalogne.\u00a0<\/span><span style=\"font-family: 'Josefin Sans';\">Grand pilleurs des ruchers, le frelon asiatique est aussi tr\u00e8s agressif envers d\u2019autres insectes pollinisateurs\u00a0<\/span><span style=\"font-family: 'Josefin Sans';\">mettant ainsi en p\u00e9ril l\u2019\u00e9quilibre environnemental.\u00a0<\/span><span style=\"font-family: 'Josefin Sans';\">Il est donc indispensable de le combattre le plus t\u00f4t possible avec des moyens appropri\u00e9s respectueux de\u00a0<\/span><span style=\"font-family: 'Josefin Sans';\">l\u2019environnement et de la biodiversit\u00e9.<\/span><\/p>\n<p>[\/et_pb_text][\/et_pb_column][et_pb_column type=\u00a0\u00bb2_5&Prime; _builder_version=\u00a0\u00bb4.16&Prime; global_colors_info=\u00a0\u00bb{}\u00a0\u00bb][et_pb_image src=\u00a0\u00bbhttp:\/\/lefrelonbasque.fr\/wp-content\/uploads\/2025\/05\/frelon-adulte-branche_99433-1245.jpg\u00a0\u00bb _builder_version=\u00a0\u00bb4.16&Prime; border_radii=\u00a0\u00bbon|10px|10px|10px|10px\u00a0\u00bb global_colors_info=\u00a0\u00bb{}\u00a0\u00bb][\/et_pb_image][\/et_pb_column][\/et_pb_row][\/et_pb_section][et_pb_section fb_built=\u00a0\u00bb1&Prime; _builder_version=\u00a0\u00bb4.16&Prime; background_color=\u00a0\u00bb#f4f4f4&Prime; custom_margin=\u00a0\u00bb||30px|||\u00a0\u00bb custom_padding=\u00a0\u00bb98px|||||\u00a0\u00bb global_colors_info=\u00a0\u00bb{}\u00a0\u00bb][et_pb_row _builder_version=\u00a0\u00bb4.16&Prime; min_height=\u00a0\u00bb99px\u00a0\u00bb custom_margin=\u00a0\u00bb-56px|auto||auto||\u00a0\u00bb custom_padding=\u00a0\u00bb||0px|||\u00a0\u00bb global_colors_info=\u00a0\u00bb{}\u00a0\u00bb][et_pb_column type=\u00a0\u00bb4_4&Prime; _builder_version=\u00a0\u00bb4.16&Prime; global_colors_info=\u00a0\u00bb{}\u00a0\u00bb][et_pb_text _builder_version=\u00a0\u00bb4.16&Prime; text_font=\u00a0\u00bbptsans||||||||\u00a0\u00bb text_text_color=\u00a0\u00bb#ffffff\u00a0\u00bb text_font_size=\u00a0\u00bb65px\u00a0\u00bb custom_margin=\u00a0\u00bb||-3px|||\u00a0\u00bb custom_padding=\u00a0\u00bb12px||0px|||\u00a0\u00bb text_font_tablet=\u00a0\u00bb\u00a0\u00bb text_font_phone=\u00a0\u00bb\u00a0\u00bb text_font_last_edited=\u00a0\u00bbon|desktop\u00a0\u00bb custom_css_main_element=\u00a0\u00bbfont-size: 35px;\u00a0\u00bb global_colors_info=\u00a0\u00bb{}\u00a0\u00bb]<\/p>\n<p style=\"text-align: center;\"><span color=\"#262626\" style=\"color: #bc3a23;\">Comment l&rsquo;identifier ?<\/span><\/p>\n<p style=\"text-align: left;\">\n<p>[\/et_pb_text][\/et_pb_column][\/et_pb_row][et_pb_row column_structure=\u00a0\u00bb3_5,2_5&Prime; _builder_version=\u00a0\u00bb4.16&Prime; global_colors_info=\u00a0\u00bb{}\u00a0\u00bb][et_pb_column type=\u00a0\u00bb3_5&Prime; _builder_version=\u00a0\u00bb4.16&Prime; global_colors_info=\u00a0\u00bb{}\u00a0\u00bb][et_pb_text _builder_version=\u00a0\u00bb4.16&Prime; custom_padding=\u00a0\u00bb44px||0px|||\u00a0\u00bb inline_fonts=\u00a0\u00bbJosefin Sans,Josefin Slab\u00a0\u00bb global_colors_info=\u00a0\u00bb{}\u00a0\u00bb]<\/p>\n<p><span style=\"font-family: 'Josefin Sans';\">L\u00e9g\u00e8rement plus petit que son cousin europ\u00e9en, le Frelon Asiatique mesure de 2 \u00e0 2,5 centim\u00e8tres pour\u00a0<\/span><span style=\"font-family: 'Josefin Sans';\">les ouvri\u00e8res et jusqu\u2019\u00e0 3 centim\u00e8tres pour la reine. D\u2019une coloration brun-noir caract\u00e9ristique, cet insecte\u00a0<\/span><span style=\"font-family: 'Josefin Sans';\">diurne, dont l\u2019extr\u00e9mit\u00e9 de ses pattes est jaune, pr\u00e9sente des rayures jaunes sur les segments 1 et 3 de\u00a0<\/span><span style=\"font-family: 'Josefin Sans';\">l\u2019abdomen et jaune orang\u00e9 sur le 4\u00e8me. Sa t\u00eate est noire et sa face jaune orang\u00e9.<\/span><\/p>\n<p>[\/et_pb_text][\/et_pb_column][et_pb_column type=\u00a0\u00bb2_5&Prime; _builder_version=\u00a0\u00bb4.16&Prime; global_colors_info=\u00a0\u00bb{}\u00a0\u00bb][et_pb_image src=\u00a0\u00bbhttp:\/\/lefrelonbasque.fr\/wp-content\/uploads\/2025\/05\/comparaison_asiatique_europeen.jpg\u00a0\u00bb _builder_version=\u00a0\u00bb4.16&Prime; border_radii=\u00a0\u00bbon|10px|10px|10px|10px\u00a0\u00bb global_colors_info=\u00a0\u00bb{}\u00a0\u00bb][\/et_pb_image][\/et_pb_column][\/et_pb_row][\/et_pb_section][et_pb_section fb_built=\u00a0\u00bb1&Prime; _builder_version=\u00a0\u00bb4.16&Prime; custom_margin=\u00a0\u00bb-30px|||||\u00a0\u00bb global_colors_info=\u00a0\u00bb{}\u00a0\u00bb][et_pb_row _builder_version=\u00a0\u00bb4.16&Prime; custom_margin=\u00a0\u00bb-56px|auto||auto||\u00a0\u00bb custom_padding=\u00a0\u00bb||0px|||\u00a0\u00bb global_colors_info=\u00a0\u00bb{}\u00a0\u00bb][et_pb_column type=\u00a0\u00bb4_4&Prime; _builder_version=\u00a0\u00bb4.16&Prime; global_colors_info=\u00a0\u00bb{}\u00a0\u00bb][et_pb_text _builder_version=\u00a0\u00bb4.16&Prime; text_font=\u00a0\u00bbptsans||||||||\u00a0\u00bb text_text_color=\u00a0\u00bb#ffffff\u00a0\u00bb text_font_size=\u00a0\u00bb65px\u00a0\u00bb custom_margin=\u00a0\u00bb30px||-3px|||\u00a0\u00bb custom_padding=\u00a0\u00bb12px||0px|||\u00a0\u00bb text_font_tablet=\u00a0\u00bb\u00a0\u00bb text_font_phone=\u00a0\u00bb\u00a0\u00bb text_font_last_edited=\u00a0\u00bbon|desktop\u00a0\u00bb custom_css_main_element=\u00a0\u00bbfont-size: 40px;\u00a0\u00bb global_colors_info=\u00a0\u00bb{}\u00a0\u00bb]<\/p>\n<p style=\"text-align: center;\"><span color=\"#262626\" style=\"color: #bc3a23;\">Habitat et cycle de vie<\/span><\/p>\n<p style=\"text-align: left;\">\n<p>[\/et_pb_text][\/et_pb_column][\/et_pb_row][et_pb_row column_structure=\u00a0\u00bb3_5,2_5&Prime; _builder_version=\u00a0\u00bb4.16&Prime; global_colors_info=\u00a0\u00bb{}\u00a0\u00bb][et_pb_column type=\u00a0\u00bb3_5&Prime; _builder_version=\u00a0\u00bb4.16&Prime; global_colors_info=\u00a0\u00bb{}\u00a0\u00bb][et_pb_text _builder_version=\u00a0\u00bb4.16&Prime; custom_padding=\u00a0\u00bb44px||0px|||\u00a0\u00bb inline_fonts=\u00a0\u00bbJosefin Sans,Josefin Slab\u00a0\u00bb global_colors_info=\u00a0\u00bb{}\u00a0\u00bb]<\/p>\n<p><span style=\"font-family: 'Josefin Sans'; font-size: 15px;\">Le nid du frelon, constitu\u00e9 de fibres de bois m\u00e2ch\u00e9es, est compos\u00e9 de galettes alv\u00e9olaires entour\u00e9es\u00a0<\/span><span style=\"font-family: 'Josefin Sans';\">d\u2019une enveloppe faite de larges \u00e9cailles de papier pr\u00e9sentant des stries de couleur beige et brunes. Le nid du Frelon Asiatique pr\u00e9sente une petite ouverture (4cm) sur le c\u00f4t\u00e9 alors que cette derni\u00e8re est large et basale dans l\u2019habitat du frelon Europ\u00e9en. Vers le mois de mars, lorsque les temp\u00e9ratures d\u00e9passent les 13\u00b0, le Frelon Asiatique \u00e9difie un nid, de forme sph\u00e9rique, dans un endroit abrit\u00e9 (abri de jardin, trou de mur, avant toit, roncier). N\u00e9anmoins si l\u2019endroit devient trop \u00e9troit ou d\u00e9favorable pour la colonie en pleine expansion, celle-ci migre dans un nid secondaire b\u00e2ti par les ouvri\u00e8res, dans un endroit plus propice, notamment dans les arbres. Le nid, qui peut \u00eatre tr\u00e8s imposant, est alors de forme ovale et peut se situer \u00e0 plus de 15 m\u00e8tre de hauteur. Au d\u00e9but de l\u2019automne les nouvelles femelles reproductrices quittent le nid en compagnie des m\u00e2les pour aller s\u2019accoupler puis hiverner. Seules survivantes de la colonie, ces femelles f\u00e9cond\u00e9es r\u00e9appara\u00eetront vers le mois de f\u00e9vrier ou mars pour d\u00e9buter la r\u00e9alisation d\u2019un nouveau nid et fonder une nouvelle colonie.<\/span><\/p>\n<p>[\/et_pb_text][\/et_pb_column][et_pb_column type=\u00a0\u00bb2_5&Prime; _builder_version=\u00a0\u00bb4.16&Prime; global_colors_info=\u00a0\u00bb{}\u00a0\u00bb][et_pb_image src=\u00a0\u00bbhttp:\/\/lefrelonbasque.fr\/wp-content\/uploads\/2025\/05\/cycle-frelon.jpg\u00a0\u00bb _builder_version=\u00a0\u00bb4.16&Prime; border_radii=\u00a0\u00bbon|10px|10px|10px|10px\u00a0\u00bb global_colors_info=\u00a0\u00bb{}\u00a0\u00bb][\/et_pb_image][\/et_pb_column][\/et_pb_row][\/et_pb_section][et_pb_section fb_built=\u00a0\u00bb1&Prime; _builder_version=\u00a0\u00bb4.16&Prime; custom_padding=\u00a0\u00bb||69px|||\u00a0\u00bb global_colors_info=\u00a0\u00bb{}\u00a0\u00bb][et_pb_row _builder_version=\u00a0\u00bb4.16&Prime; background_color=\u00a0\u00bb#89260d\u00a0\u00bb custom_padding=\u00a0\u00bb0px|44px||44px|false|true\u00a0\u00bb global_colors_info=\u00a0\u00bb{}\u00a0\u00bb][et_pb_column type=\u00a0\u00bb4_4&Prime; _builder_version=\u00a0\u00bb4.16&Prime; global_colors_info=\u00a0\u00bb{}\u00a0\u00bb][et_pb_text _builder_version=\u00a0\u00bb4.16&Prime; min_height=\u00a0\u00bb10px\u00a0\u00bb custom_margin=\u00a0\u00bb||-1px|||\u00a0\u00bb custom_padding=\u00a0\u00bb22px||14px|||\u00a0\u00bb global_colors_info=\u00a0\u00bb{}\u00a0\u00bb]<\/p>\n<p style=\"text-align: center;\"><span style=\"font-family: inherit; font-weight: normal; color: #ffffff;\">AVERTISSEMENT<\/span><\/p>\n<p>[\/et_pb_text][et_pb_text _builder_version=\u00a0\u00bb4.16&Prime; custom_padding=\u00a0\u00bb1px||0px|||\u00a0\u00bb inline_fonts=\u00a0\u00bbJosefin Sans,Josefin Slab\u00a0\u00bb global_colors_info=\u00a0\u00bb{}\u00a0\u00bb]<\/p>\n<p><span style=\"color: #ffffff;\"><span style=\"font-family: 'Josefin Sans';\">En pr\u00e9sence d\u2019un nid \u00e9vitez de vous en approcher \u00e0 moins de 5 m\u00e8tres (le frelon asiatique devient agressif\u00a0<\/span><span style=\"font-family: 'Josefin Sans'; font-size: 15px;\">quand on s\u2019approche du nid). Surtout ne tentez pas de le d\u00e9truire car vos moyens seront inappropri\u00e9s et\u00a0<\/span><span style=\"font-family: 'Josefin Sans'; font-size: 15px;\">vous vous exposeriez \u00e0 un danger. Faites appel \u00e0 un sp\u00e9cialiste habilit\u00e9 pour mettre en \u0153uvre les moyens\u00a0<\/span><span style=\"font-family: 'Josefin Sans'; font-size: 15px;\">n\u00e9cessaires \u00e0 la destruction de la colonie.<\/span><\/span><\/p>\n<p>[\/et_pb_text][\/et_pb_column][\/et_pb_row][\/et_pb_section][et_pb_section fb_built=\u00a0\u00bb1&Prime; module_id=\u00a0\u00bbcontact\u00a0\u00bb _builder_version=\u00a0\u00bb4.16&Prime; background_color=\u00a0\u00bb#f4f4f4&Prime; custom_margin=\u00a0\u00bb-1px|||||\u00a0\u00bb custom_padding=\u00a0\u00bb19px|||||\u00a0\u00bb global_colors_info=\u00a0\u00bb{}\u00a0\u00bb][et_pb_row _builder_version=\u00a0\u00bb4.16&Prime; global_colors_info=\u00a0\u00bb{}\u00a0\u00bb][et_pb_column type=\u00a0\u00bb4_4&Prime; _builder_version=\u00a0\u00bb4.16&Prime; global_colors_info=\u00a0\u00bb{}\u00a0\u00bb][et_pb_text _builder_version=\u00a0\u00bb4.16&Prime; text_font=\u00a0\u00bbptsansnarrow||||||||\u00a0\u00bb text_text_color=\u00a0\u00bb#ffffff\u00a0\u00bb text_font_size=\u00a0\u00bb62px\u00a0\u00bb text_line_height=\u00a0\u00bb1.1em\u00a0\u00bb inline_fonts=\u00a0\u00bbptsans\u00a0\u00bb global_colors_info=\u00a0\u00bb{}\u00a0\u00bb]<\/p>\n<p><span color=\"#bc3a23\" face=\"ptsans\" style=\"color: #bc3a23; font-family: ptsans;\">Nous contacter<\/span><\/p>\n<p>[\/et_pb_text][\/et_pb_column][\/et_pb_row][et_pb_row column_structure=\u00a0\u00bb1_3,1_3,1_3&Prime; _builder_version=\u00a0\u00bb4.16&Prime; custom_padding=\u00a0\u00bb9px||0px|||\u00a0\u00bb global_colors_info=\u00a0\u00bb{}\u00a0\u00bb][et_pb_column type=\u00a0\u00bb1_3&Prime; _builder_version=\u00a0\u00bb4.16&Prime; global_colors_info=\u00a0\u00bb{}\u00a0\u00bb][\/et_pb_column][et_pb_column type=\u00a0\u00bb1_3&Prime; _builder_version=\u00a0\u00bb4.16&Prime; global_colors_info=\u00a0\u00bb{}\u00a0\u00bb][et_pb_text _builder_version=\u00a0\u00bb4.16&Prime; text_text_color=\u00a0\u00bb#bc3a23&Prime; text_font_size=\u00a0\u00bb27px\u00a0\u00bb text_line_height=\u00a0\u00bb1.4em\u00a0\u00bb custom_margin=\u00a0\u00bb||19px|||\u00a0\u00bb global_colors_info=\u00a0\u00bb{}\u00a0\u00bb]<\/p>\n<p>Demande en ligne de coordonn\u00e9es<\/p>\n<p>[\/et_pb_text][et_pb_contact_form captcha=\u00a0\u00bboff\u00a0\u00bb email=\u00a0\u00bbcontact@lefrelonbasque.fr\u00a0\u00bb submit_button_text=\u00a0\u00bbEnvoyer\u00a0\u00bb _builder_version=\u00a0\u00bb4.27.4&Prime; custom_button=\u00a0\u00bbon\u00a0\u00bb button_text_color=\u00a0\u00bb#ffffff\u00a0\u00bb button_bg_color=\u00a0\u00bb#bc3a23&Prime; button_border_width=\u00a0\u00bb0px\u00a0\u00bb button_border_radius=\u00a0\u00bb8px\u00a0\u00bb custom_margin=\u00a0\u00bb||51px|||\u00a0\u00bb hover_enabled=\u00a0\u00bb0&Prime; global_colors_info=\u00a0\u00bb{}\u00a0\u00bb sticky_enabled=\u00a0\u00bb0&Prime;][et_pb_contact_field field_id=\u00a0\u00bbNom\u00a0\u00bb field_title=\u00a0\u00bbNom\u00a0\u00bb fullwidth_field=\u00a0\u00bbon\u00a0\u00bb _builder_version=\u00a0\u00bb4.16&Prime; global_colors_info=\u00a0\u00bb{}\u00a0\u00bb button_text_size__hover_enabled=\u00a0\u00bboff\u00a0\u00bb button_one_text_size__hover_enabled=\u00a0\u00bboff\u00a0\u00bb button_two_text_size__hover_enabled=\u00a0\u00bboff\u00a0\u00bb button_text_color__hover_enabled=\u00a0\u00bboff\u00a0\u00bb button_one_text_color__hover_enabled=\u00a0\u00bboff\u00a0\u00bb button_two_text_color__hover_enabled=\u00a0\u00bboff\u00a0\u00bb button_border_width__hover_enabled=\u00a0\u00bboff\u00a0\u00bb button_one_border_width__hover_enabled=\u00a0\u00bboff\u00a0\u00bb button_two_border_width__hover_enabled=\u00a0\u00bboff\u00a0\u00bb button_border_color__hover_enabled=\u00a0\u00bboff\u00a0\u00bb button_one_border_color__hover_enabled=\u00a0\u00bboff\u00a0\u00bb button_two_border_color__hover_enabled=\u00a0\u00bboff\u00a0\u00bb button_border_radius__hover_enabled=\u00a0\u00bboff\u00a0\u00bb button_one_border_radius__hover_enabled=\u00a0\u00bboff\u00a0\u00bb button_two_border_radius__hover_enabled=\u00a0\u00bboff\u00a0\u00bb button_letter_spacing__hover_enabled=\u00a0\u00bboff\u00a0\u00bb button_one_letter_spacing__hover_enabled=\u00a0\u00bboff\u00a0\u00bb button_two_letter_spacing__hover_enabled=\u00a0\u00bboff\u00a0\u00bb button_bg_color__hover_enabled=\u00a0\u00bboff\u00a0\u00bb button_one_bg_color__hover_enabled=\u00a0\u00bboff\u00a0\u00bb button_two_bg_color__hover_enabled=\u00a0\u00bboff\u00a0\u00bb][\/et_pb_contact_field][et_pb_contact_field field_id=\u00a0\u00bbprenom\u00a0\u00bb field_title=\u00a0\u00bbPr\u00e9nom\u00a0\u00bb fullwidth_field=\u00a0\u00bbon\u00a0\u00bb _builder_version=\u00a0\u00bb4.16&Prime; global_colors_info=\u00a0\u00bb{}\u00a0\u00bb][\/et_pb_contact_field][et_pb_contact_field field_id=\u00a0\u00bbadresse\u00a0\u00bb field_title=\u00a0\u00bbAdresse d&rsquo;intervention\u00a0\u00bb fullwidth_field=\u00a0\u00bbon\u00a0\u00bb _builder_version=\u00a0\u00bb4.16&Prime; global_colors_info=\u00a0\u00bb{}\u00a0\u00bb][\/et_pb_contact_field][et_pb_contact_field field_id=\u00a0\u00bbcodepostal\u00a0\u00bb field_title=\u00a0\u00bbCode postal\u00a0\u00bb fullwidth_field=\u00a0\u00bbon\u00a0\u00bb _builder_version=\u00a0\u00bb4.16&Prime; global_colors_info=\u00a0\u00bb{}\u00a0\u00bb][\/et_pb_contact_field][et_pb_contact_field field_id=\u00a0\u00bbville\u00a0\u00bb field_title=\u00a0\u00bbVille\u00a0\u00bb fullwidth_field=\u00a0\u00bbon\u00a0\u00bb _builder_version=\u00a0\u00bb4.16&Prime; global_colors_info=\u00a0\u00bb{}\u00a0\u00bb][\/et_pb_contact_field][et_pb_contact_field field_id=\u00a0\u00bbEmail\u00a0\u00bb field_title=\u00a0\u00bbAdresse e-mail\u00a0\u00bb field_type=\u00a0\u00bbemail\u00a0\u00bb fullwidth_field=\u00a0\u00bbon\u00a0\u00bb _builder_version=\u00a0\u00bb4.16&Prime; global_colors_info=\u00a0\u00bb{}\u00a0\u00bb button_text_size__hover_enabled=\u00a0\u00bboff\u00a0\u00bb button_one_text_size__hover_enabled=\u00a0\u00bboff\u00a0\u00bb button_two_text_size__hover_enabled=\u00a0\u00bboff\u00a0\u00bb button_text_color__hover_enabled=\u00a0\u00bboff\u00a0\u00bb button_one_text_color__hover_enabled=\u00a0\u00bboff\u00a0\u00bb button_two_text_color__hover_enabled=\u00a0\u00bboff\u00a0\u00bb button_border_width__hover_enabled=\u00a0\u00bboff\u00a0\u00bb button_one_border_width__hover_enabled=\u00a0\u00bboff\u00a0\u00bb button_two_border_width__hover_enabled=\u00a0\u00bboff\u00a0\u00bb button_border_color__hover_enabled=\u00a0\u00bboff\u00a0\u00bb button_one_border_color__hover_enabled=\u00a0\u00bboff\u00a0\u00bb button_two_border_color__hover_enabled=\u00a0\u00bboff\u00a0\u00bb button_border_radius__hover_enabled=\u00a0\u00bboff\u00a0\u00bb button_one_border_radius__hover_enabled=\u00a0\u00bboff\u00a0\u00bb button_two_border_radius__hover_enabled=\u00a0\u00bboff\u00a0\u00bb button_letter_spacing__hover_enabled=\u00a0\u00bboff\u00a0\u00bb button_one_letter_spacing__hover_enabled=\u00a0\u00bboff\u00a0\u00bb button_two_letter_spacing__hover_enabled=\u00a0\u00bboff\u00a0\u00bb button_bg_color__hover_enabled=\u00a0\u00bboff\u00a0\u00bb button_one_bg_color__hover_enabled=\u00a0\u00bboff\u00a0\u00bb button_two_bg_color__hover_enabled=\u00a0\u00bboff\u00a0\u00bb][\/et_pb_contact_field][et_pb_contact_field field_id=\u00a0\u00bbtel\u00a0\u00bb field_title=\u00a0\u00bbT\u00e9l\u00e9phone\u00a0\u00bb fullwidth_field=\u00a0\u00bbon\u00a0\u00bb _builder_version=\u00a0\u00bb4.16&Prime; global_colors_info=\u00a0\u00bb{}\u00a0\u00bb][\/et_pb_contact_field][et_pb_contact_field field_id=\u00a0\u00bbMessage\u00a0\u00bb field_title=\u00a0\u00bbInformations : descriptif d&rsquo;intervention\u00a0\u00bb field_type=\u00a0\u00bbtext\u00a0\u00bb fullwidth_field=\u00a0\u00bbon\u00a0\u00bb _builder_version=\u00a0\u00bb4.16&Prime; global_colors_info=\u00a0\u00bb{}\u00a0\u00bb button_text_size__hover_enabled=\u00a0\u00bboff\u00a0\u00bb button_one_text_size__hover_enabled=\u00a0\u00bboff\u00a0\u00bb button_two_text_size__hover_enabled=\u00a0\u00bboff\u00a0\u00bb button_text_color__hover_enabled=\u00a0\u00bboff\u00a0\u00bb button_one_text_color__hover_enabled=\u00a0\u00bboff\u00a0\u00bb button_two_text_color__hover_enabled=\u00a0\u00bboff\u00a0\u00bb button_border_width__hover_enabled=\u00a0\u00bboff\u00a0\u00bb button_one_border_width__hover_enabled=\u00a0\u00bboff\u00a0\u00bb button_two_border_width__hover_enabled=\u00a0\u00bboff\u00a0\u00bb button_border_color__hover_enabled=\u00a0\u00bboff\u00a0\u00bb button_one_border_color__hover_enabled=\u00a0\u00bboff\u00a0\u00bb button_two_border_color__hover_enabled=\u00a0\u00bboff\u00a0\u00bb button_border_radius__hover_enabled=\u00a0\u00bboff\u00a0\u00bb button_one_border_radius__hover_enabled=\u00a0\u00bboff\u00a0\u00bb button_two_border_radius__hover_enabled=\u00a0\u00bboff\u00a0\u00bb button_letter_spacing__hover_enabled=\u00a0\u00bboff\u00a0\u00bb button_one_letter_spacing__hover_enabled=\u00a0\u00bboff\u00a0\u00bb button_two_letter_spacing__hover_enabled=\u00a0\u00bboff\u00a0\u00bb button_bg_color__hover_enabled=\u00a0\u00bboff\u00a0\u00bb button_one_bg_color__hover_enabled=\u00a0\u00bboff\u00a0\u00bb button_two_bg_color__hover_enabled=\u00a0\u00bboff\u00a0\u00bb][\/et_pb_contact_field][\/et_pb_contact_form][et_pb_text _builder_version=\u00a0\u00bb4.16&Prime; text_text_color=\u00a0\u00bb#bc3a23&Prime; text_font_size=\u00a0\u00bb24px\u00a0\u00bb text_line_height=\u00a0\u00bb1.4em\u00a0\u00bb custom_margin=\u00a0\u00bb||0px|||\u00a0\u00bb global_colors_info=\u00a0\u00bb{}\u00a0\u00bb]<\/p>\n<p style=\"text-align: center;\">ou par t\u00e9l\u00e9phone au<\/p>\n<p>[\/et_pb_text][et_pb_text _builder_version=\u00a0\u00bb4.16&Prime; text_font=\u00a0\u00bb|700|||||||\u00a0\u00bb text_text_color=\u00a0\u00bb#bc3a23&Prime; text_font_size=\u00a0\u00bb36px\u00a0\u00bb text_letter_spacing=\u00a0\u00bb-1px\u00a0\u00bb text_line_height=\u00a0\u00bb1.4em\u00a0\u00bb custom_margin=\u00a0\u00bb||36px|||\u00a0\u00bb global_colors_info=\u00a0\u00bb{}\u00a0\u00bb]<\/p>\n<p style=\"text-align: center;\"><strong>06 26 36 69 39<\/strong><\/p>\n<p>[\/et_pb_text][\/et_pb_column][et_pb_column type=\u00a0\u00bb1_3&Prime; _builder_version=\u00a0\u00bb4.16&Prime; global_colors_info=\u00a0\u00bb{}\u00a0\u00bb][\/et_pb_column][\/et_pb_row][\/et_pb_section][et_pb_section fb_built=\u00a0\u00bb1&Prime; _builder_version=\u00a0\u00bb4.16&Prime; global_colors_info=\u00a0\u00bb{}\u00a0\u00bb][et_pb_row _builder_version=\u00a0\u00bb4.16&Prime; global_colors_info=\u00a0\u00bb{}\u00a0\u00bb][et_pb_column type=\u00a0\u00bb4_4&Prime; _builder_version=\u00a0\u00bb4.16&Prime; global_colors_info=\u00a0\u00bb{}\u00a0\u00bb][et_pb_text _builder_version=\u00a0\u00bb4.16&Prime; text_font=\u00a0\u00bb|700|||||||\u00a0\u00bb text_text_color=\u00a0\u00bb#bc3a23&Prime; text_font_size=\u00a0\u00bb36px\u00a0\u00bb text_letter_spacing=\u00a0\u00bb-1px\u00a0\u00bb text_line_height=\u00a0\u00bb1.4em\u00a0\u00bb custom_margin=\u00a0\u00bb||36px|||\u00a0\u00bb global_colors_info=\u00a0\u00bb{}\u00a0\u00bb][\/et_pb_text][et_pb_text _builder_version=\u00a0\u00bb4.16&Prime; text_font=\u00a0\u00bbptsans||||||||\u00a0\u00bb text_text_color=\u00a0\u00bb#ffffff\u00a0\u00bb text_font_size=\u00a0\u00bb65px\u00a0\u00bb custom_margin=\u00a0\u00bb||-61px|||\u00a0\u00bb custom_padding=\u00a0\u00bb0px||0px|||\u00a0\u00bb text_font_tablet=\u00a0\u00bb\u00a0\u00bb text_font_phone=\u00a0\u00bb\u00a0\u00bb text_font_last_edited=\u00a0\u00bbon|desktop\u00a0\u00bb custom_css_main_element=\u00a0\u00bbmargin-left: 20px;\u00a0\u00bb global_colors_info=\u00a0\u00bb{}\u00a0\u00bb]<\/p>\n<p style=\"text-align: center;\"><span style=\"color: #bc6f64;\">Nos avis<\/span><\/p>\n<p><span style=\"font-size: 46px;\"><\/span><\/p>\n<p style=\"text-align: left;\">\n<p>[\/et_pb_text][et_pb_code _builder_version=\u00a0\u00bb4.27.4&Prime; global_colors_info=\u00a0\u00bb{}\u00a0\u00bb][grw place_photo=\u00a0\u00bbhttps:\/\/lh3.googleusercontent.com\/p\/AF1QipODMomzFN52YRggV78btTAYtNaBENIjqURpo0nD=s1600-w300-h300&Prime; place_name=\u00a0\u00bbLe Frelon Basque\u00a0\u00bb place_id=\u00a0\u00bbChIJc11CtUNBUQ0R95FfewhVBho\u00a0\u00bb pagination=\u00a0\u00bb10&Prime; text_size=\u00a0\u00bb220&Prime; refresh_reviews=true lazy_load_img=true reduce_avatars_size=true open_link=true nofollow_link=true][\/et_pb_code][\/et_pb_column][\/et_pb_row][\/et_pb_section]<\/p>\n","protected":false},"excerpt":{"rendered":"<p>LeFrelonBasque.fr Destruction de nids de frelons et gu\u00eapes au pays basque et dans le sud des landesIntervention rapide 7j\/7Nos services D\u00e9ratisation rats bruns &#8211; rats noirs &#8211; souris &#8211; mulots. D\u00e9sinsectisation blattes &#8211; cafards &#8211; chenilles processionnaires &#8211;\u00a0fourmis &#8211; moustiques &#8211; mouches. Travaux de Jardinage tonte pelouse &#8211; taille de haies &#8211; petit \u00e9lagage &#8211; [&hellip;]<\/p>\n","protected":false},"author":1,"featured_media":0,"parent":0,"menu_order":0,"comment_status":"closed","ping_status":"closed","template":"","meta":{"_et_pb_use_builder":"on","_et_pb_old_content":"","_et_gb_content_width":"","footnotes":""},"class_list":["post-7","page","type-page","status-publish","hentry"],"_links":{"self":[{"href":"https:\/\/lefrelonbasque.fr\/index.php?rest_route=\/wp\/v2\/pages\/7","targetHints":{"allow":["GET"]}}],"collection":[{"href":"https:\/\/lefrelonbasque.fr\/index.php?rest_route=\/wp\/v2\/pages"}],"about":[{"href":"https:\/\/lefrelonbasque.fr\/index.php?rest_route=\/wp\/v2\/types\/page"}],"author":[{"embeddable":true,"href":"https:\/\/lefrelonbasque.fr\/index.php?rest_route=\/wp\/v2\/users\/1"}],"replies":[{"embeddable":true,"href":"https:\/\/lefrelonbasque.fr\/index.php?rest_route=%2Fwp%2Fv2%2Fcomments&post=7"}],"version-history":[{"count":7,"href":"https:\/\/lefrelonbasque.fr\/index.php?rest_route=\/wp\/v2\/pages\/7\/revisions"}],"predecessor-version":[{"id":40,"href":"https:\/\/lefrelonbasque.fr\/index.php?rest_route=\/wp\/v2\/pages\/7\/revisions\/40"}],"wp:attachment":[{"href":"https:\/\/lefrelonbasque.fr\/index.php?rest_route=%2Fwp%2Fv2%2Fmedia&parent=7"}],"curies":[{"name":"wp","href":"https:\/\/api.w.org\/{rel}","templated":true}]}}